{"id":2693,"date":"2020-10-26T10:13:12","date_gmt":"2020-10-26T13:13:12","guid":{"rendered":"https:\/\/www.bienaleditora.com.br\/site\/?post_type=product&#038;p=2693"},"modified":"2024-03-06T10:40:43","modified_gmt":"2024-03-06T13:40:43","slug":"o-piaui-no-seculo-20-100-fatos-que-marcaram-o-estado-entre-1900-e-2000","status":"publish","type":"product","link":"https:\/\/www.bienaleditora.com.br\/site\/produto\/o-piaui-no-seculo-20-100-fatos-que-marcaram-o-estado-entre-1900-e-2000\/","title":{"rendered":"O Piau\u00ed no S\u00e9culo 20 \u2013 100 fatos que marcaram o Estado entre 1900 e 2000"},"content":{"rendered":"<p style=\"text-align: justify;\">A nova edi\u00e7\u00e3o do livro \u201cO Piau\u00ed no S\u00e9culo 20 \u2013 100 fatos que marcaram o Estado entre 1900 e 2000\u201d \u00e9 comemorativa dos 20 anos de publica\u00e7\u00e3o da obra, de autoria do jornalista e escritor Z\u00f3zimo Tavares.<\/p>\n<p style=\"text-align: justify;\">Revista, ampliada e melhorada, esta 5\u00aa. edi\u00e7\u00e3o sai com a promessa de repetir o sucesso das anteriores.<\/p>\n<p style=\"text-align: justify;\">O livro, ilustrado com fotografias de \u00e9poca, mapas, gr\u00e1ficos e infogr\u00e1ficos, conta os principais acontecimentos, fatos e epis\u00f3dios do Piau\u00ed, nas \u00e1reas de arte, esportes, cultura e educa\u00e7\u00e3o; calamidades e trag\u00e9dias; comunica\u00e7\u00e3o; economia, pol\u00edtica, religi\u00e3o, sa\u00fade, turismo e meio ambiente.<\/p>\n","protected":false},"excerpt":{"rendered":"<p style=\"text-align: justify;\">A nova edi\u00e7\u00e3o do livro \u201cO Piau\u00ed no S\u00e9culo 20 \u2013 100 fatos que marcaram o Estado entre 1900 e 2000\u201d \u00e9 comemorativa dos 20 anos de publica\u00e7\u00e3o da obra, de autoria do jornalista e escritor Z\u00f3zimo Tavares.<\/p>\n<p style=\"text-align: justify;\">Revista, ampliada e melhorada, esta 5\u00aa. edi\u00e7\u00e3o sai com a promessa de repetir o sucesso das anteriores.<\/p>\n<p style=\"text-align: justify;\">O livro, ilustrado com fotografias de \u00e9poca, mapas, gr\u00e1ficos e infogr\u00e1ficos, conta os principais acontecimentos, fatos e epis\u00f3dios do Piau\u00ed, nas \u00e1reas de arte, esportes, cultura e educa\u00e7\u00e3o; calamidades e trag\u00e9dias; comunica\u00e7\u00e3o; economia, pol\u00edtica, religi\u00e3o, sa\u00fade, turismo e meio ambiente.<\/p>\n","protected":false},"featured_media":2694,"comment_status":"closed","ping_status":"closed","template":"","meta":{"_acf_changed":false},"product_brand":[],"product_cat":[51],"product_tag":[],"class_list":{"0":"post-2693","1":"product","2":"type-product","3":"status-publish","4":"has-post-thumbnail","6":"product_cat-memorias","8":"first","9":"instock","10":"shipping-taxable","11":"purchasable","12":"product-type-simple"},"acf":[],"yoast_head":"<!-- This site is optimized with the Yoast SEO plugin v26.7 - https:\/\/yoast.com\/wordpress\/plugins\/seo\/ -->\n<title>O Piau\u00ed no S\u00e9culo 20 \u2013 100 fatos que marcaram o Estado entre 1900 e 2000 - Bienal Editora<\/title>\n<meta name=\"robots\" content=\"index, follow, max-snippet:-1, max-image-preview:large, max-video-preview:-1\" \/>\n<link rel=\"canonical\" href=\"https:\/\/www.bienaleditora.com.br\/site\/produto\/o-piaui-no-seculo-20-100-fatos-que-marcaram-o-estado-entre-1900-e-2000\/\" \/>\n<meta property=\"og:locale\" content=\"pt_BR\" \/>\n<meta property=\"og:type\" content=\"article\" \/>\n<meta property=\"og:title\" content=\"O Piau\u00ed no S\u00e9culo 20 \u2013 100 fatos que marcaram o Estado entre 1900 e 2000 - Bienal Editora\" \/>\n<meta property=\"og:description\" content=\"A nova edi\u00e7\u00e3o do livro \u201cO Piau\u00ed no S\u00e9culo 20 \u2013 100 fatos que marcaram o Estado entre 1900 e 2000\u201d \u00e9 comemorativa dos 20 anos de publica\u00e7\u00e3o da obra, de autoria do jornalista e escritor Z\u00f3zimo Tavares. Revista, ampliada e melhorada, esta 5\u00aa. edi\u00e7\u00e3o sai com a promessa de repetir o sucesso das anteriores. O livro, ilustrado com fotografias de \u00e9poca, mapas, gr\u00e1ficos e infogr\u00e1ficos, conta os principais acontecimentos, fatos e epis\u00f3dios do Piau\u00ed, nas \u00e1reas de arte, esportes, cultura e educa\u00e7\u00e3o; calamidades e trag\u00e9dias; comunica\u00e7\u00e3o; economia, pol\u00edtica, religi\u00e3o, sa\u00fade, turismo e meio ambiente.\" \/>\n<meta property=\"og:url\" content=\"https:\/\/www.bienaleditora.com.br\/site\/produto\/o-piaui-no-seculo-20-100-fatos-que-marcaram-o-estado-entre-1900-e-2000\/\" \/>\n<meta property=\"og:site_name\" content=\"Bienal Editora\" \/>\n<meta property=\"article:modified_time\" content=\"2024-03-06T13:40:43+00:00\" \/>\n<meta property=\"og:image\" content=\"https:\/\/www.bienaleditora.com.br\/site\/wp-content\/uploads\/2020\/10\/piauiseculo20.jpg\" \/>\n\t<meta property=\"og:image:width\" content=\"210\" \/>\n\t<meta property=\"og:image:height\" content=\"299\" \/>\n\t<meta property=\"og:image:type\" content=\"image\/jpeg\" \/>\n<meta name=\"twitter:card\" content=\"summary_large_image\" \/>\n<meta name=\"twitter:label1\" content=\"Est. tempo de leitura\" \/>\n\t<meta name=\"twitter:data1\" content=\"1 minuto\" \/>\n<script type=\"application\/ld+json\" class=\"yoast-schema-graph\">{\"@context\":\"https:\/\/schema.org\",\"@graph\":[{\"@type\":\"WebPage\",\"@id\":\"https:\/\/www.bienaleditora.com.br\/site\/produto\/o-piaui-no-seculo-20-100-fatos-que-marcaram-o-estado-entre-1900-e-2000\/\",\"url\":\"https:\/\/www.bienaleditora.com.br\/site\/produto\/o-piaui-no-seculo-20-100-fatos-que-marcaram-o-estado-entre-1900-e-2000\/\",\"name\":\"O Piau\u00ed no S\u00e9culo 20 \u2013 100 fatos que marcaram o Estado entre 1900 e 2000 - Bienal Editora\",\"isPartOf\":{\"@id\":\"https:\/\/www.bienaleditora.com.br\/site\/#website\"},\"primaryImageOfPage\":{\"@id\":\"https:\/\/www.bienaleditora.com.br\/site\/produto\/o-piaui-no-seculo-20-100-fatos-que-marcaram-o-estado-entre-1900-e-2000\/#primaryimage\"},\"image\":{\"@id\":\"https:\/\/www.bienaleditora.com.br\/site\/produto\/o-piaui-no-seculo-20-100-fatos-que-marcaram-o-estado-entre-1900-e-2000\/#primaryimage\"},\"thumbnailUrl\":\"https:\/\/www.bienaleditora.com.br\/site\/wp-content\/uploads\/2020\/10\/piauiseculo20.jpg\",\"datePublished\":\"2020-10-26T13:13:12+00:00\",\"dateModified\":\"2024-03-06T13:40:43+00:00\",\"breadcrumb\":{\"@id\":\"https:\/\/www.bienaleditora.com.br\/site\/produto\/o-piaui-no-seculo-20-100-fatos-que-marcaram-o-estado-entre-1900-e-2000\/#breadcrumb\"},\"inLanguage\":\"pt-BR\",\"potentialAction\":[{\"@type\":\"ReadAction\",\"target\":[\"https:\/\/www.bienaleditora.com.br\/site\/produto\/o-piaui-no-seculo-20-100-fatos-que-marcaram-o-estado-entre-1900-e-2000\/\"]}]},{\"@type\":\"ImageObject\",\"inLanguage\":\"pt-BR\",\"@id\":\"https:\/\/www.bienaleditora.com.br\/site\/produto\/o-piaui-no-seculo-20-100-fatos-que-marcaram-o-estado-entre-1900-e-2000\/#primaryimage\",\"url\":\"https:\/\/www.bienaleditora.com.br\/site\/wp-content\/uploads\/2020\/10\/piauiseculo20.jpg\",\"contentUrl\":\"https:\/\/www.bienaleditora.com.br\/site\/wp-content\/uploads\/2020\/10\/piauiseculo20.jpg\",\"width\":210,\"height\":299},{\"@type\":\"BreadcrumbList\",\"@id\":\"https:\/\/www.bienaleditora.com.br\/site\/produto\/o-piaui-no-seculo-20-100-fatos-que-marcaram-o-estado-entre-1900-e-2000\/#breadcrumb\",\"itemListElement\":[{\"@type\":\"ListItem\",\"position\":1,\"name\":\"Home\",\"item\":\"https:\/\/www.bienaleditora.com.br\/site\/\"},{\"@type\":\"ListItem\",\"position\":2,\"name\":\"Loja\",\"item\":\"https:\/\/www.bienaleditora.com.br\/site\/loja\/\"},{\"@type\":\"ListItem\",\"position\":3,\"name\":\"O Piau\u00ed no S\u00e9culo 20 \u2013 100 fatos que marcaram o Estado entre 1900 e 2000\"}]},{\"@type\":\"WebSite\",\"@id\":\"https:\/\/www.bienaleditora.com.br\/site\/#website\",\"url\":\"https:\/\/www.bienaleditora.com.br\/site\/\",\"name\":\"Bienal Editora\",\"description\":\"Uma editora jovem, n\u00e3o s\u00f3 na idade \u2014 afinal foi fundada em dezembro de 2012 \u2014 mas no esp\u00edrito inovador de optar pela publica\u00e7\u00e3o de fic\u00e7\u00e3o e n\u00e3o fic\u00e7\u00e3o priorizando a qualidade, e n\u00e3o a quantidade de lan\u00e7amentos.\",\"publisher\":{\"@id\":\"https:\/\/www.bienaleditora.com.br\/site\/#organization\"},\"potentialAction\":[{\"@type\":\"SearchAction\",\"target\":{\"@type\":\"EntryPoint\",\"urlTemplate\":\"https:\/\/www.bienaleditora.com.br\/site\/?s={search_term_string}\"},\"query-input\":{\"@type\":\"PropertyValueSpecification\",\"valueRequired\":true,\"valueName\":\"search_term_string\"}}],\"inLanguage\":\"pt-BR\"},{\"@type\":\"Organization\",\"@id\":\"https:\/\/www.bienaleditora.com.br\/site\/#organization\",\"name\":\"Bienal Editora\",\"url\":\"https:\/\/www.bienaleditora.com.br\/site\/\",\"logo\":{\"@type\":\"ImageObject\",\"inLanguage\":\"pt-BR\",\"@id\":\"https:\/\/www.bienaleditora.com.br\/site\/#\/schema\/logo\/image\/\",\"url\":\"https:\/\/www.bienaleditora.com.br\/site\/wp-content\/uploads\/2014\/01\/logomarca_png.png\",\"contentUrl\":\"https:\/\/www.bienaleditora.com.br\/site\/wp-content\/uploads\/2014\/01\/logomarca_png.png\",\"width\":145,\"height\":79,\"caption\":\"Bienal Editora\"},\"image\":{\"@id\":\"https:\/\/www.bienaleditora.com.br\/site\/#\/schema\/logo\/image\/\"}}]}<\/script>\n<!-- \/ Yoast SEO plugin. -->","yoast_head_json":{"title":"O Piau\u00ed no S\u00e9culo 20 \u2013 100 fatos que marcaram o Estado entre 1900 e 2000 - Bienal Editora","robots":{"index":"index","follow":"follow","max-snippet":"max-snippet:-1","max-image-preview":"max-image-preview:large","max-video-preview":"max-video-preview:-1"},"canonical":"https:\/\/www.bienaleditora.com.br\/site\/produto\/o-piaui-no-seculo-20-100-fatos-que-marcaram-o-estado-entre-1900-e-2000\/","og_locale":"pt_BR","og_type":"article","og_title":"O Piau\u00ed no S\u00e9culo 20 \u2013 100 fatos que marcaram o Estado entre 1900 e 2000 - Bienal Editora","og_description":"A nova edi\u00e7\u00e3o do livro \u201cO Piau\u00ed no S\u00e9culo 20 \u2013 100 fatos que marcaram o Estado entre 1900 e 2000\u201d \u00e9 comemorativa dos 20 anos de publica\u00e7\u00e3o da obra, de autoria do jornalista e escritor Z\u00f3zimo Tavares. Revista, ampliada e melhorada, esta 5\u00aa. edi\u00e7\u00e3o sai com a promessa de repetir o sucesso das anteriores. O livro, ilustrado com fotografias de \u00e9poca, mapas, gr\u00e1ficos e infogr\u00e1ficos, conta os principais acontecimentos, fatos e epis\u00f3dios do Piau\u00ed, nas \u00e1reas de arte, esportes, cultura e educa\u00e7\u00e3o; calamidades e trag\u00e9dias; comunica\u00e7\u00e3o; economia, pol\u00edtica, religi\u00e3o, sa\u00fade, turismo e meio ambiente.","og_url":"https:\/\/www.bienaleditora.com.br\/site\/produto\/o-piaui-no-seculo-20-100-fatos-que-marcaram-o-estado-entre-1900-e-2000\/","og_site_name":"Bienal Editora","article_modified_time":"2024-03-06T13:40:43+00:00","og_image":[{"width":210,"height":299,"url":"https:\/\/www.bienaleditora.com.br\/site\/wp-content\/uploads\/2020\/10\/piauiseculo20.jpg","type":"image\/jpeg"}],"twitter_card":"summary_large_image","twitter_misc":{"Est. tempo de leitura":"1 minuto"},"schema":{"@context":"https:\/\/schema.org","@graph":[{"@type":"WebPage","@id":"https:\/\/www.bienaleditora.com.br\/site\/produto\/o-piaui-no-seculo-20-100-fatos-que-marcaram-o-estado-entre-1900-e-2000\/","url":"https:\/\/www.bienaleditora.com.br\/site\/produto\/o-piaui-no-seculo-20-100-fatos-que-marcaram-o-estado-entre-1900-e-2000\/","name":"O Piau\u00ed no S\u00e9culo 20 \u2013 100 fatos que marcaram o Estado entre 1900 e 2000 - Bienal Editora","isPartOf":{"@id":"https:\/\/www.bienaleditora.com.br\/site\/#website"},"primaryImageOfPage":{"@id":"https:\/\/www.bienaleditora.com.br\/site\/produto\/o-piaui-no-seculo-20-100-fatos-que-marcaram-o-estado-entre-1900-e-2000\/#primaryimage"},"image":{"@id":"https:\/\/www.bienaleditora.com.br\/site\/produto\/o-piaui-no-seculo-20-100-fatos-que-marcaram-o-estado-entre-1900-e-2000\/#primaryimage"},"thumbnailUrl":"https:\/\/www.bienaleditora.com.br\/site\/wp-content\/uploads\/2020\/10\/piauiseculo20.jpg","datePublished":"2020-10-26T13:13:12+00:00","dateModified":"2024-03-06T13:40:43+00:00","breadcrumb":{"@id":"https:\/\/www.bienaleditora.com.br\/site\/produto\/o-piaui-no-seculo-20-100-fatos-que-marcaram-o-estado-entre-1900-e-2000\/#breadcrumb"},"inLanguage":"pt-BR","potentialAction":[{"@type":"ReadAction","target":["https:\/\/www.bienaleditora.com.br\/site\/produto\/o-piaui-no-seculo-20-100-fatos-que-marcaram-o-estado-entre-1900-e-2000\/"]}]},{"@type":"ImageObject","inLanguage":"pt-BR","@id":"https:\/\/www.bienaleditora.com.br\/site\/produto\/o-piaui-no-seculo-20-100-fatos-que-marcaram-o-estado-entre-1900-e-2000\/#primaryimage","url":"https:\/\/www.bienaleditora.com.br\/site\/wp-content\/uploads\/2020\/10\/piauiseculo20.jpg","contentUrl":"https:\/\/www.bienaleditora.com.br\/site\/wp-content\/uploads\/2020\/10\/piauiseculo20.jpg","width":210,"height":299},{"@type":"BreadcrumbList","@id":"https:\/\/www.bienaleditora.com.br\/site\/produto\/o-piaui-no-seculo-20-100-fatos-que-marcaram-o-estado-entre-1900-e-2000\/#breadcrumb","itemListElement":[{"@type":"ListItem","position":1,"name":"Home","item":"https:\/\/www.bienaleditora.com.br\/site\/"},{"@type":"ListItem","position":2,"name":"Loja","item":"https:\/\/www.bienaleditora.com.br\/site\/loja\/"},{"@type":"ListItem","position":3,"name":"O Piau\u00ed no S\u00e9culo 20 \u2013 100 fatos que marcaram o Estado entre 1900 e 2000"}]},{"@type":"WebSite","@id":"https:\/\/www.bienaleditora.com.br\/site\/#website","url":"https:\/\/www.bienaleditora.com.br\/site\/","name":"Bienal Editora","description":"Uma editora jovem, n\u00e3o s\u00f3 na idade \u2014 afinal foi fundada em dezembro de 2012 \u2014 mas no esp\u00edrito inovador de optar pela publica\u00e7\u00e3o de fic\u00e7\u00e3o e n\u00e3o fic\u00e7\u00e3o priorizando a qualidade, e n\u00e3o a quantidade de lan\u00e7amentos.","publisher":{"@id":"https:\/\/www.bienaleditora.com.br\/site\/#organization"},"potentialAction":[{"@type":"SearchAction","target":{"@type":"EntryPoint","urlTemplate":"https:\/\/www.bienaleditora.com.br\/site\/?s={search_term_string}"},"query-input":{"@type":"PropertyValueSpecification","valueRequired":true,"valueName":"search_term_string"}}],"inLanguage":"pt-BR"},{"@type":"Organization","@id":"https:\/\/www.bienaleditora.com.br\/site\/#organization","name":"Bienal Editora","url":"https:\/\/www.bienaleditora.com.br\/site\/","logo":{"@type":"ImageObject","inLanguage":"pt-BR","@id":"https:\/\/www.bienaleditora.com.br\/site\/#\/schema\/logo\/image\/","url":"https:\/\/www.bienaleditora.com.br\/site\/wp-content\/uploads\/2014\/01\/logomarca_png.png","contentUrl":"https:\/\/www.bienaleditora.com.br\/site\/wp-content\/uploads\/2014\/01\/logomarca_png.png","width":145,"height":79,"caption":"Bienal Editora"},"image":{"@id":"https:\/\/www.bienaleditora.com.br\/site\/#\/schema\/logo\/image\/"}}]}},"_links":{"self":[{"href":"https:\/\/www.bienaleditora.com.br\/site\/wp-json\/wp\/v2\/product\/2693","targetHints":{"allow":["GET"]}}],"collection":[{"href":"https:\/\/www.bienaleditora.com.br\/site\/wp-json\/wp\/v2\/product"}],"about":[{"href":"https:\/\/www.bienaleditora.com.br\/site\/wp-json\/wp\/v2\/types\/product"}],"replies":[{"embeddable":true,"href":"https:\/\/www.bienaleditora.com.br\/site\/wp-json\/wp\/v2\/comments?post=2693"}],"wp:featuredmedia":[{"embeddable":true,"href":"https:\/\/www.bienaleditora.com.br\/site\/wp-json\/wp\/v2\/media\/2694"}],"wp:attachment":[{"href":"https:\/\/www.bienaleditora.com.br\/site\/wp-json\/wp\/v2\/media?parent=2693"}],"wp:term":[{"taxonomy":"product_brand","embeddable":true,"href":"https:\/\/www.bienaleditora.com.br\/site\/wp-json\/wp\/v2\/product_brand?post=2693"},{"taxonomy":"product_cat","embeddable":true,"href":"https:\/\/www.bienaleditora.com.br\/site\/wp-json\/wp\/v2\/product_cat?post=2693"},{"taxonomy":"product_tag","embeddable":true,"href":"https:\/\/www.bienaleditora.com.br\/site\/wp-json\/wp\/v2\/product_tag?post=2693"}],"curies":[{"name":"wp","href":"https:\/\/api.w.org\/{rel}","templated":true}]}}