{"id":70,"date":"2013-06-07T11:25:01","date_gmt":"2013-06-07T11:25:01","guid":{"rendered":"http:\/\/demo2.woothemes.com\/woocommerce\/?post_type=product&#038;p=70"},"modified":"2026-01-08T10:58:54","modified_gmt":"2026-01-08T13:58:54","slug":"colecao-folclore-politico-do-piaui","status":"publish","type":"product","link":"https:\/\/www.bienaleditora.com.br\/site\/produto\/colecao-folclore-politico-do-piaui\/","title":{"rendered":"Cole\u00e7\u00e3o Folclore Pol\u00edtico do Piau\u00ed"},"content":{"rendered":"<p style=\"text-align: justify;\">A Cole\u00e7\u00e3o Folclore Pol\u00edtico do Piau\u00ed re\u00fane cinco livros de humor pol\u00edtico do jornalista Z\u00f3zimo Tavares: Falem Mal, Mas Falem de Mim (1989), Pra Seu Governo (1991), O Pulo do Gato (1994), Meus Senhores, Minhas Senhoras (1997) e O Velho Jequitib\u00e1 (2002). Esta edi\u00e7\u00e3o especial, em caixa boxe de luxo, foi lan\u00e7ada em 2008. Os livros s\u00e3o enriquecidos com ilustra\u00e7\u00f5es de Albert Piau\u00ed, Jota A, Mois\u00e9s dos Mart\u00edrios, Paulo Moura e Neto. Os pref\u00e1cios s\u00e3o de Sebasti\u00e3o Nery, Jo\u00e3o Em\u00edlio Falc\u00e3o, Abdias Silva, Paulo Jos\u00e9 Cunha e Jos\u00e9 Lopes dos Santos. Em suas historietas leves e breves, o autor exp\u00f5e as mazelas de nossos pol\u00edticos, retrata o primarismo de alguns deles, mas tamb\u00e9m ressalta a sua firmeza de atitudes. Aqui, as personagens s\u00e3o apresentadas ao leitor em retratos de corpo inteiro. De corpo e de esp\u00edrito. Quase sempre \u00e0 margem da hist\u00f3ria.<\/p>\n","protected":false},"excerpt":{"rendered":"<p>A Cole\u00e7\u00e3o Folclore Pol\u00edtico do Piau\u00ed re\u00fane cinco livros de humor pol\u00edtico do jornalista Z\u00f3zimo Tavares: Falem Mal, Mas Falem de Mim (1989), Pra Seu Governo (1991), O Pulo do Gato (1994), Meus Senhores, Minhas Senhoras (1997) e O Velho Jequitib\u00e1 (2002). Esta edi\u00e7\u00e3o especial, em caixa boxe de luxo, foi lan\u00e7ada em 2008. Os livros s\u00e3o enriquecidos com ilustra\u00e7\u00f5es de Albert Piau\u00ed, Jota A, Mois\u00e9s dos Mart\u00edrios, Paulo Moura e Neto.<\/p>\n","protected":false},"featured_media":2542,"comment_status":"open","ping_status":"closed","template":"","meta":{"_acf_changed":false},"product_brand":[],"product_cat":[92],"product_tag":[],"class_list":{"0":"post-70","1":"product","2":"type-product","3":"status-publish","4":"has-post-thumbnail","6":"product_cat-humor","8":"first","9":"instock","10":"shipping-taxable","11":"purchasable","12":"product-type-simple"},"acf":[],"yoast_head":"<!-- This site is optimized with the Yoast SEO plugin v26.7 - https:\/\/yoast.com\/wordpress\/plugins\/seo\/ -->\n<title>Cole\u00e7\u00e3o Folclore Pol\u00edtico do Piau\u00ed - Bienal Editora<\/title>\n<meta name=\"robots\" content=\"index, follow, max-snippet:-1, max-image-preview:large, max-video-preview:-1\" \/>\n<link rel=\"canonical\" href=\"https:\/\/www.bienaleditora.com.br\/site\/produto\/colecao-folclore-politico-do-piaui\/\" \/>\n<meta property=\"og:locale\" content=\"pt_BR\" \/>\n<meta property=\"og:type\" content=\"article\" \/>\n<meta property=\"og:title\" content=\"Cole\u00e7\u00e3o Folclore Pol\u00edtico do Piau\u00ed - Bienal Editora\" \/>\n<meta property=\"og:description\" content=\"A Cole\u00e7\u00e3o Folclore Pol\u00edtico do Piau\u00ed re\u00fane cinco livros de humor pol\u00edtico do jornalista Z\u00f3zimo Tavares: Falem Mal, Mas Falem de Mim (1989), Pra Seu Governo (1991), O Pulo do Gato (1994), Meus Senhores, Minhas Senhoras (1997) e O Velho Jequitib\u00e1 (2002). Esta edi\u00e7\u00e3o especial, em caixa boxe de luxo, foi lan\u00e7ada em 2008. Os livros s\u00e3o enriquecidos com ilustra\u00e7\u00f5es de Albert Piau\u00ed, Jota A, Mois\u00e9s dos Mart\u00edrios, Paulo Moura e Neto.\" \/>\n<meta property=\"og:url\" content=\"https:\/\/www.bienaleditora.com.br\/site\/produto\/colecao-folclore-politico-do-piaui\/\" \/>\n<meta property=\"og:site_name\" content=\"Bienal Editora\" \/>\n<meta property=\"article:modified_time\" content=\"2026-01-08T13:58:54+00:00\" \/>\n<meta property=\"og:image\" content=\"https:\/\/www.bienaleditora.com.br\/site\/wp-content\/uploads\/2013\/06\/edicao_especial-210x299.jpg\" \/>\n\t<meta property=\"og:image:width\" content=\"210\" \/>\n\t<meta property=\"og:image:height\" content=\"299\" \/>\n\t<meta property=\"og:image:type\" content=\"image\/jpeg\" \/>\n<meta name=\"twitter:card\" content=\"summary_large_image\" \/>\n<meta name=\"twitter:label1\" content=\"Est. tempo de leitura\" \/>\n\t<meta name=\"twitter:data1\" content=\"1 minuto\" \/>\n<script type=\"application\/ld+json\" class=\"yoast-schema-graph\">{\"@context\":\"https:\/\/schema.org\",\"@graph\":[{\"@type\":\"WebPage\",\"@id\":\"https:\/\/www.bienaleditora.com.br\/site\/produto\/colecao-folclore-politico-do-piaui\/\",\"url\":\"https:\/\/www.bienaleditora.com.br\/site\/produto\/colecao-folclore-politico-do-piaui\/\",\"name\":\"Cole\u00e7\u00e3o Folclore Pol\u00edtico do Piau\u00ed - Bienal Editora\",\"isPartOf\":{\"@id\":\"https:\/\/www.bienaleditora.com.br\/site\/#website\"},\"primaryImageOfPage\":{\"@id\":\"https:\/\/www.bienaleditora.com.br\/site\/produto\/colecao-folclore-politico-do-piaui\/#primaryimage\"},\"image\":{\"@id\":\"https:\/\/www.bienaleditora.com.br\/site\/produto\/colecao-folclore-politico-do-piaui\/#primaryimage\"},\"thumbnailUrl\":\"https:\/\/www.bienaleditora.com.br\/site\/wp-content\/uploads\/2013\/06\/edicao_especial-210x299.jpg\",\"datePublished\":\"2013-06-07T11:25:01+00:00\",\"dateModified\":\"2026-01-08T13:58:54+00:00\",\"breadcrumb\":{\"@id\":\"https:\/\/www.bienaleditora.com.br\/site\/produto\/colecao-folclore-politico-do-piaui\/#breadcrumb\"},\"inLanguage\":\"pt-BR\",\"potentialAction\":[{\"@type\":\"ReadAction\",\"target\":[\"https:\/\/www.bienaleditora.com.br\/site\/produto\/colecao-folclore-politico-do-piaui\/\"]}]},{\"@type\":\"ImageObject\",\"inLanguage\":\"pt-BR\",\"@id\":\"https:\/\/www.bienaleditora.com.br\/site\/produto\/colecao-folclore-politico-do-piaui\/#primaryimage\",\"url\":\"https:\/\/www.bienaleditora.com.br\/site\/wp-content\/uploads\/2013\/06\/edicao_especial-210x299.jpg\",\"contentUrl\":\"https:\/\/www.bienaleditora.com.br\/site\/wp-content\/uploads\/2013\/06\/edicao_especial-210x299.jpg\",\"width\":210,\"height\":299},{\"@type\":\"BreadcrumbList\",\"@id\":\"https:\/\/www.bienaleditora.com.br\/site\/produto\/colecao-folclore-politico-do-piaui\/#breadcrumb\",\"itemListElement\":[{\"@type\":\"ListItem\",\"position\":1,\"name\":\"Home\",\"item\":\"https:\/\/www.bienaleditora.com.br\/site\/\"},{\"@type\":\"ListItem\",\"position\":2,\"name\":\"Loja\",\"item\":\"https:\/\/www.bienaleditora.com.br\/site\/loja\/\"},{\"@type\":\"ListItem\",\"position\":3,\"name\":\"Cole\u00e7\u00e3o Folclore Pol\u00edtico do Piau\u00ed\"}]},{\"@type\":\"WebSite\",\"@id\":\"https:\/\/www.bienaleditora.com.br\/site\/#website\",\"url\":\"https:\/\/www.bienaleditora.com.br\/site\/\",\"name\":\"Bienal Editora\",\"description\":\"Uma editora jovem, n\u00e3o s\u00f3 na idade \u2014 afinal foi fundada em dezembro de 2012 \u2014 mas no esp\u00edrito inovador de optar pela publica\u00e7\u00e3o de fic\u00e7\u00e3o e n\u00e3o fic\u00e7\u00e3o priorizando a qualidade, e n\u00e3o a quantidade de lan\u00e7amentos.\",\"publisher\":{\"@id\":\"https:\/\/www.bienaleditora.com.br\/site\/#organization\"},\"potentialAction\":[{\"@type\":\"SearchAction\",\"target\":{\"@type\":\"EntryPoint\",\"urlTemplate\":\"https:\/\/www.bienaleditora.com.br\/site\/?s={search_term_string}\"},\"query-input\":{\"@type\":\"PropertyValueSpecification\",\"valueRequired\":true,\"valueName\":\"search_term_string\"}}],\"inLanguage\":\"pt-BR\"},{\"@type\":\"Organization\",\"@id\":\"https:\/\/www.bienaleditora.com.br\/site\/#organization\",\"name\":\"Bienal Editora\",\"url\":\"https:\/\/www.bienaleditora.com.br\/site\/\",\"logo\":{\"@type\":\"ImageObject\",\"inLanguage\":\"pt-BR\",\"@id\":\"https:\/\/www.bienaleditora.com.br\/site\/#\/schema\/logo\/image\/\",\"url\":\"https:\/\/www.bienaleditora.com.br\/site\/wp-content\/uploads\/2014\/01\/logomarca_png.png\",\"contentUrl\":\"https:\/\/www.bienaleditora.com.br\/site\/wp-content\/uploads\/2014\/01\/logomarca_png.png\",\"width\":145,\"height\":79,\"caption\":\"Bienal Editora\"},\"image\":{\"@id\":\"https:\/\/www.bienaleditora.com.br\/site\/#\/schema\/logo\/image\/\"}}]}<\/script>\n<!-- \/ Yoast SEO plugin. -->","yoast_head_json":{"title":"Cole\u00e7\u00e3o Folclore Pol\u00edtico do Piau\u00ed - Bienal Editora","robots":{"index":"index","follow":"follow","max-snippet":"max-snippet:-1","max-image-preview":"max-image-preview:large","max-video-preview":"max-video-preview:-1"},"canonical":"https:\/\/www.bienaleditora.com.br\/site\/produto\/colecao-folclore-politico-do-piaui\/","og_locale":"pt_BR","og_type":"article","og_title":"Cole\u00e7\u00e3o Folclore Pol\u00edtico do Piau\u00ed - Bienal Editora","og_description":"A Cole\u00e7\u00e3o Folclore Pol\u00edtico do Piau\u00ed re\u00fane cinco livros de humor pol\u00edtico do jornalista Z\u00f3zimo Tavares: Falem Mal, Mas Falem de Mim (1989), Pra Seu Governo (1991), O Pulo do Gato (1994), Meus Senhores, Minhas Senhoras (1997) e O Velho Jequitib\u00e1 (2002). Esta edi\u00e7\u00e3o especial, em caixa boxe de luxo, foi lan\u00e7ada em 2008. Os livros s\u00e3o enriquecidos com ilustra\u00e7\u00f5es de Albert Piau\u00ed, Jota A, Mois\u00e9s dos Mart\u00edrios, Paulo Moura e Neto.","og_url":"https:\/\/www.bienaleditora.com.br\/site\/produto\/colecao-folclore-politico-do-piaui\/","og_site_name":"Bienal Editora","article_modified_time":"2026-01-08T13:58:54+00:00","og_image":[{"width":210,"height":299,"url":"https:\/\/www.bienaleditora.com.br\/site\/wp-content\/uploads\/2013\/06\/edicao_especial-210x299.jpg","type":"image\/jpeg"}],"twitter_card":"summary_large_image","twitter_misc":{"Est. tempo de leitura":"1 minuto"},"schema":{"@context":"https:\/\/schema.org","@graph":[{"@type":"WebPage","@id":"https:\/\/www.bienaleditora.com.br\/site\/produto\/colecao-folclore-politico-do-piaui\/","url":"https:\/\/www.bienaleditora.com.br\/site\/produto\/colecao-folclore-politico-do-piaui\/","name":"Cole\u00e7\u00e3o Folclore Pol\u00edtico do Piau\u00ed - Bienal Editora","isPartOf":{"@id":"https:\/\/www.bienaleditora.com.br\/site\/#website"},"primaryImageOfPage":{"@id":"https:\/\/www.bienaleditora.com.br\/site\/produto\/colecao-folclore-politico-do-piaui\/#primaryimage"},"image":{"@id":"https:\/\/www.bienaleditora.com.br\/site\/produto\/colecao-folclore-politico-do-piaui\/#primaryimage"},"thumbnailUrl":"https:\/\/www.bienaleditora.com.br\/site\/wp-content\/uploads\/2013\/06\/edicao_especial-210x299.jpg","datePublished":"2013-06-07T11:25:01+00:00","dateModified":"2026-01-08T13:58:54+00:00","breadcrumb":{"@id":"https:\/\/www.bienaleditora.com.br\/site\/produto\/colecao-folclore-politico-do-piaui\/#breadcrumb"},"inLanguage":"pt-BR","potentialAction":[{"@type":"ReadAction","target":["https:\/\/www.bienaleditora.com.br\/site\/produto\/colecao-folclore-politico-do-piaui\/"]}]},{"@type":"ImageObject","inLanguage":"pt-BR","@id":"https:\/\/www.bienaleditora.com.br\/site\/produto\/colecao-folclore-politico-do-piaui\/#primaryimage","url":"https:\/\/www.bienaleditora.com.br\/site\/wp-content\/uploads\/2013\/06\/edicao_especial-210x299.jpg","contentUrl":"https:\/\/www.bienaleditora.com.br\/site\/wp-content\/uploads\/2013\/06\/edicao_especial-210x299.jpg","width":210,"height":299},{"@type":"BreadcrumbList","@id":"https:\/\/www.bienaleditora.com.br\/site\/produto\/colecao-folclore-politico-do-piaui\/#breadcrumb","itemListElement":[{"@type":"ListItem","position":1,"name":"Home","item":"https:\/\/www.bienaleditora.com.br\/site\/"},{"@type":"ListItem","position":2,"name":"Loja","item":"https:\/\/www.bienaleditora.com.br\/site\/loja\/"},{"@type":"ListItem","position":3,"name":"Cole\u00e7\u00e3o Folclore Pol\u00edtico do Piau\u00ed"}]},{"@type":"WebSite","@id":"https:\/\/www.bienaleditora.com.br\/site\/#website","url":"https:\/\/www.bienaleditora.com.br\/site\/","name":"Bienal Editora","description":"Uma editora jovem, n\u00e3o s\u00f3 na idade \u2014 afinal foi fundada em dezembro de 2012 \u2014 mas no esp\u00edrito inovador de optar pela publica\u00e7\u00e3o de fic\u00e7\u00e3o e n\u00e3o fic\u00e7\u00e3o priorizando a qualidade, e n\u00e3o a quantidade de lan\u00e7amentos.","publisher":{"@id":"https:\/\/www.bienaleditora.com.br\/site\/#organization"},"potentialAction":[{"@type":"SearchAction","target":{"@type":"EntryPoint","urlTemplate":"https:\/\/www.bienaleditora.com.br\/site\/?s={search_term_string}"},"query-input":{"@type":"PropertyValueSpecification","valueRequired":true,"valueName":"search_term_string"}}],"inLanguage":"pt-BR"},{"@type":"Organization","@id":"https:\/\/www.bienaleditora.com.br\/site\/#organization","name":"Bienal Editora","url":"https:\/\/www.bienaleditora.com.br\/site\/","logo":{"@type":"ImageObject","inLanguage":"pt-BR","@id":"https:\/\/www.bienaleditora.com.br\/site\/#\/schema\/logo\/image\/","url":"https:\/\/www.bienaleditora.com.br\/site\/wp-content\/uploads\/2014\/01\/logomarca_png.png","contentUrl":"https:\/\/www.bienaleditora.com.br\/site\/wp-content\/uploads\/2014\/01\/logomarca_png.png","width":145,"height":79,"caption":"Bienal Editora"},"image":{"@id":"https:\/\/www.bienaleditora.com.br\/site\/#\/schema\/logo\/image\/"}}]}},"_links":{"self":[{"href":"https:\/\/www.bienaleditora.com.br\/site\/wp-json\/wp\/v2\/product\/70","targetHints":{"allow":["GET"]}}],"collection":[{"href":"https:\/\/www.bienaleditora.com.br\/site\/wp-json\/wp\/v2\/product"}],"about":[{"href":"https:\/\/www.bienaleditora.com.br\/site\/wp-json\/wp\/v2\/types\/product"}],"replies":[{"embeddable":true,"href":"https:\/\/www.bienaleditora.com.br\/site\/wp-json\/wp\/v2\/comments?post=70"}],"wp:featuredmedia":[{"embeddable":true,"href":"https:\/\/www.bienaleditora.com.br\/site\/wp-json\/wp\/v2\/media\/2542"}],"wp:attachment":[{"href":"https:\/\/www.bienaleditora.com.br\/site\/wp-json\/wp\/v2\/media?parent=70"}],"wp:term":[{"taxonomy":"product_brand","embeddable":true,"href":"https:\/\/www.bienaleditora.com.br\/site\/wp-json\/wp\/v2\/product_brand?post=70"},{"taxonomy":"product_cat","embeddable":true,"href":"https:\/\/www.bienaleditora.com.br\/site\/wp-json\/wp\/v2\/product_cat?post=70"},{"taxonomy":"product_tag","embeddable":true,"href":"https:\/\/www.bienaleditora.com.br\/site\/wp-json\/wp\/v2\/product_tag?post=70"}],"curies":[{"name":"wp","href":"https:\/\/api.w.org\/{rel}","templated":true}]}}